{"id":462,"date":"2021-09-30T13:58:43","date_gmt":"2021-09-30T11:58:43","guid":{"rendered":"https:\/\/vsscharten.at\/?page_id=462"},"modified":"2021-10-06T11:28:14","modified_gmt":"2021-10-06T09:28:14","slug":"naturparkschule","status":"publish","type":"page","link":"https:\/\/vsscharten.at\/?page_id=462","title":{"rendered":"Naturparkschule"},"content":{"rendered":"\n<p><a rel=\"noreferrer noopener\" href=\"http:\/\/www.obsthuegelland.at\/\" target=\"_blank\">Naturpark Obst-H\u00fcgel-Land<\/a><\/p>\n\n\n\n<p>Die 2. Klassen erleben die Jahreszeiten in den Streuobstwiesen und lernen bei Exkursionen \u00fcber die vielf\u00e4ltige Tier- und Pflanzenwelt.<\/p>\n\n\n\n<p><a href=\"https:\/\/obsthuegelland.at\/aktuelles\/news\/aktuelle-news\/news\/streuobstwiese-in-den-vier-jahreszeiten\/\">https:\/\/obsthuegelland.at\/aktuelles\/news\/aktuelle-news\/news\/streuobstwiese-in-den-vier-jahreszeiten\/<\/a><\/p>\n\n\n\n<p>Mit dem Jahr 2019 begann unsere mehrj\u00e4hrige Beobachtungsphase mit Hilfe eines Naturkalenders. In Schuln\u00e4he wurde eine Hecke mit unterschiedlichen, heimischen Str\u00e4uchern gepflanzt. Die Kinder beobachten die Bl\u00fchzeiten, den Verlauf der Jahreszeiten und dokumentieren ihre Daten. Im Lauf der Jahre k\u00f6nnen so die Unterschiede aufgrund des Wetters und Klimas aufgezeigt werden.<\/p>\n\n\n\n<p><a href=\"https:\/\/obsthuegelland.at\/naturpark\/projekte\/naturparkkalender-naturparke-oberoesterreich\/\">https:\/\/obsthuegelland.at\/naturpark\/projekte\/naturparkkalender-naturparke-oberoesterreich\/<\/a><\/p>\n\n\n\n<p><\/p>\n\n\n\n<p><strong>Ansprechpersonen:<\/strong><\/p>\n\n\n\n<p>Falls Sie Fragen zur Naturparkschule haben, k\u00f6nnen Sie sich an folgende Personen wenden:<\/p>\n\n\n\n<p>VD Isabel Deinhammer<\/p>\n\n\n\n<p>Dipl.Ing. Rainer Silber vom Naturpark<\/p>\n\n\n\n<p><\/p>\n\n\n\nngg_shortcode_0_placeholder\n\n\n\n<p><\/p>\n","protected":false},"excerpt":{"rendered":"<p>Naturpark Obst-H\u00fcgel-Land Die 2. Klassen erleben die Jahreszeiten in den Streuobstwiesen und lernen bei Exkursionen \u00fcber die vielf\u00e4ltige Tier- und Pflanzenwelt. https:\/\/obsthuegelland.at\/aktuelles\/news\/aktuelle-news\/news\/streuobstwiese-in-den-vier-jahreszeiten\/ Mit dem Jahr 2019 begann unsere mehrj\u00e4hrige Beobachtungsphase mit Hilfe eines Naturkalenders. In Schuln\u00e4he wurde eine Hecke mit unterschiedlichen, heimischen Str\u00e4uchern gepflanzt. Die Kinder beobachten die Bl\u00fchzeiten, den Verlauf der Jahreszeiten und dokumentieren [&hellip;]<\/p>\n","protected":false},"author":1,"featured_media":0,"parent":0,"menu_order":0,"comment_status":"closed","ping_status":"closed","template":"","meta":{"site-sidebar-layout":"default","site-content-layout":"default","ast-site-content-layout":"default","site-content-style":"default","site-sidebar-style":"default","ast-global-header-display":"","ast-banner-title-visibility":"","ast-main-header-display":"","ast-hfb-above-header-display":"","ast-hfb-below-header-display":"","ast-hfb-mobile-header-display":"","site-post-title":"","ast-breadcrumbs-content":"","ast-featured-img":"","footer-sml-layout":"","ast-disable-related-posts":"","theme-transparent-header-meta":"default","adv-header-id-meta":"","stick-header-meta":"","header-above-stick-meta":"","header-main-stick-meta":"","header-below-stick-meta":"","astra-migrate-meta-layouts":"default","ast-page-background-enabled":"default","ast-page-background-meta":{"desktop":{"background-color":"var(--ast-global-color-4)","background-image":"","background-repeat":"repeat","background-position":"center center","background-size":"auto","background-attachment":"scroll","background-type":"","background-media":"","overlay-type":"","overlay-color":"","overlay-opacity":"","overlay-gradient":""},"tablet":{"background-color":"","background-image":"","background-repeat":"repeat","background-position":"center center","background-size":"auto","background-attachment":"scroll","background-type":"","background-media":"","overlay-type":"","overlay-color":"","overlay-opacity":"","overlay-gradient":""},"mobile":{"background-color":"","background-image":"","background-repeat":"repeat","background-position":"center center","background-size":"auto","background-attachment":"scroll","background-type":"","background-media":"","overlay-type":"","overlay-color":"","overlay-opacity":"","overlay-gradient":""}},"ast-content-background-meta":{"desktop":{"background-color":"var(--ast-global-color-5)","background-image":"","background-repeat":"repeat","background-position":"center center","background-size":"auto","background-attachment":"scroll","background-type":"","background-media":"","overlay-type":"","overlay-color":"","overlay-opacity":"","overlay-gradient":""},"tablet":{"background-color":"var(--ast-global-color-5)","background-image":"","background-repeat":"repeat","background-position":"center center","background-size":"auto","background-attachment":"scroll","background-type":"","background-media":"","overlay-type":"","overlay-color":"","overlay-opacity":"","overlay-gradient":""},"mobile":{"background-color":"var(--ast-global-color-5)","background-image":"","background-repeat":"repeat","background-position":"center center","background-size":"auto","background-attachment":"scroll","background-type":"","background-media":"","overlay-type":"","overlay-color":"","overlay-opacity":"","overlay-gradient":""}},"ngg_post_thumbnail":0,"footnotes":""},"class_list":["post-462","page","type-page","status-publish","hentry"],"_links":{"self":[{"href":"https:\/\/vsscharten.at\/index.php?rest_route=\/wp\/v2\/pages\/462","targetHints":{"allow":["GET"]}}],"collection":[{"href":"https:\/\/vsscharten.at\/index.php?rest_route=\/wp\/v2\/pages"}],"about":[{"href":"https:\/\/vsscharten.at\/index.php?rest_route=\/wp\/v2\/types\/page"}],"author":[{"embeddable":true,"href":"https:\/\/vsscharten.at\/index.php?rest_route=\/wp\/v2\/users\/1"}],"replies":[{"embeddable":true,"href":"https:\/\/vsscharten.at\/index.php?rest_route=%2Fwp%2Fv2%2Fcomments&post=462"}],"version-history":[{"count":11,"href":"https:\/\/vsscharten.at\/index.php?rest_route=\/wp\/v2\/pages\/462\/revisions"}],"predecessor-version":[{"id":682,"href":"https:\/\/vsscharten.at\/index.php?rest_route=\/wp\/v2\/pages\/462\/revisions\/682"}],"wp:attachment":[{"href":"https:\/\/vsscharten.at\/index.php?rest_route=%2Fwp%2Fv2%2Fmedia&parent=462"}],"curies":[{"name":"wp","href":"https:\/\/api.w.org\/{rel}","templated":true}]}}